{"id":176,"date":"2013-11-09T11:23:15","date_gmt":"2013-11-09T10:23:15","guid":{"rendered":"http:\/\/preither-garde.de\/?page_id=176"},"modified":"2013-11-09T12:25:46","modified_gmt":"2013-11-09T11:25:46","slug":"2002-2","status":"publish","type":"page","link":"https:\/\/preither-garde.de\/?page_id=176","title":{"rendered":"2002"},"content":{"rendered":"<h3 align=\"center\"><strong>13. Saison<\/strong><\/h3>\n<h3 align=\"center\"><\/h3>\n<h3 align=\"center\"><em><span style=\"text-decoration: underline;\">Trainerinnen:<\/span><\/em><\/h3>\n<h3 align=\"center\">Lang Alex, Pfaller Gabi<\/h3>\n<h3 align=\"center\"><\/h3>\n<h3 align=\"center\"><em><span style=\"text-decoration: underline;\">T\u00e4nzerinnen\/T\u00e4nzer:<\/span><\/em><\/h3>\n<h3 align=\"center\">Bauch Josef<\/h3>\n<h3 align=\"center\">Findeis Daniela<\/h3>\n<h3 align=\"center\">H\u00e4ring Steffi<\/h3>\n<h3 align=\"center\">Karl Alex<\/h3>\n<h3 align=\"center\">K\u00f6nig Claudia<\/h3>\n<h3 align=\"center\">K\u00f6nig Michaela<\/h3>\n<h3 align=\"center\">K\u00f6nig Roman<\/h3>\n<h3 align=\"center\">Neubauer Sabine<\/h3>\n<h3 align=\"center\">Pfaller Robert<\/h3>\n<h3 align=\"center\">Schmid Roland<\/h3>\n<h3 align=\"center\">Winkler Manuela<\/h3>\n<p>&nbsp;<\/p>\n<p><a href=\"https:\/\/i0.wp.com\/preither-garde.de\/wp-content\/uploads\/2013\/11\/K800_2002-01.jpg?ssl=1\"><img data-recalc-dims=\"1\" loading=\"lazy\" decoding=\"async\" data-attachment-id=\"127\" data-permalink=\"https:\/\/preither-garde.de\/?attachment_id=127\" data-orig-file=\"https:\/\/i0.wp.com\/preither-garde.de\/wp-content\/uploads\/2013\/11\/K800_2002-01.jpg?fit=889%2C600&amp;ssl=1\" data-orig-size=\"889,600\" data-comments-opened=\"1\" data-image-meta=\"{&quot;aperture&quot;:&quot;0&quot;,&quot;credit&quot;:&quot;&quot;,&quot;camera&quot;:&quot;&quot;,&quot;caption&quot;:&quot;&quot;,&quot;created_timestamp&quot;:&quot;0&quot;,&quot;copyright&quot;:&quot;&quot;,&quot;focal_length&quot;:&quot;0&quot;,&quot;iso&quot;:&quot;0&quot;,&quot;shutter_speed&quot;:&quot;0&quot;,&quot;title&quot;:&quot;&quot;}\" data-image-title=\"K800_2002 01\" data-image-description=\"\" data-image-caption=\"\" data-large-file=\"https:\/\/i0.wp.com\/preither-garde.de\/wp-content\/uploads\/2013\/11\/K800_2002-01.jpg?fit=800%2C540&amp;ssl=1\" class=\"aligncenter size-full wp-image-127\" alt=\"K800_2002 01\" src=\"https:\/\/i0.wp.com\/preither-garde.de\/wp-content\/uploads\/2013\/11\/K800_2002-01.jpg?resize=626%2C422&#038;ssl=1\" width=\"626\" height=\"422\" srcset=\"https:\/\/i0.wp.com\/preither-garde.de\/wp-content\/uploads\/2013\/11\/K800_2002-01.jpg?w=889&amp;ssl=1 889w, https:\/\/i0.wp.com\/preither-garde.de\/wp-content\/uploads\/2013\/11\/K800_2002-01.jpg?resize=300%2C202&amp;ssl=1 300w\" sizes=\"auto, (max-width: 626px) 100vw, 626px\" \/><\/a><\/p>\n<p><a href=\"https:\/\/i0.wp.com\/preither-garde.de\/wp-content\/uploads\/2013\/11\/K800_2002-02.jpg?ssl=1\"><img data-recalc-dims=\"1\" loading=\"lazy\" decoding=\"async\" data-attachment-id=\"128\" data-permalink=\"https:\/\/preither-garde.de\/?attachment_id=128\" data-orig-file=\"https:\/\/i0.wp.com\/preither-garde.de\/wp-content\/uploads\/2013\/11\/K800_2002-02.jpg?fit=860%2C600&amp;ssl=1\" data-orig-size=\"860,600\" data-comments-opened=\"1\" data-image-meta=\"{&quot;aperture&quot;:&quot;0&quot;,&quot;credit&quot;:&quot;&quot;,&quot;camera&quot;:&quot;&quot;,&quot;caption&quot;:&quot;&quot;,&quot;created_timestamp&quot;:&quot;0&quot;,&quot;copyright&quot;:&quot;&quot;,&quot;focal_length&quot;:&quot;0&quot;,&quot;iso&quot;:&quot;0&quot;,&quot;shutter_speed&quot;:&quot;0&quot;,&quot;title&quot;:&quot;&quot;}\" data-image-title=\"K800_2002 02\" data-image-description=\"\" data-image-caption=\"\" data-large-file=\"https:\/\/i0.wp.com\/preither-garde.de\/wp-content\/uploads\/2013\/11\/K800_2002-02.jpg?fit=800%2C558&amp;ssl=1\" class=\"aligncenter size-full wp-image-128\" alt=\"K800_2002 02\" src=\"https:\/\/i0.wp.com\/preither-garde.de\/wp-content\/uploads\/2013\/11\/K800_2002-02.jpg?resize=625%2C434&#038;ssl=1\" width=\"625\" height=\"434\" \/><\/a><\/p>\n<p>&nbsp;<\/p>\n","protected":false},"excerpt":{"rendered":"<p>13. Saison Trainerinnen: Lang Alex, Pfaller Gabi T\u00e4nzerinnen\/T\u00e4nzer: Bauch Josef Findeis Daniela H\u00e4ring Steffi Karl Alex K\u00f6nig Claudia K\u00f6nig Michaela K\u00f6nig Roman Neubauer Sabine Pfaller Robert Schmid Roland Winkler Manuela &#8230;<\/p>\n","protected":false},"author":1,"featured_media":0,"parent":0,"menu_order":0,"comment_status":"closed","ping_status":"closed","template":"","meta":{"ngg_post_thumbnail":0,"jetpack_post_was_ever_published":false,"footnotes":""},"class_list":["post-176","page","type-page","status-publish","hentry"],"jetpack_sharing_enabled":true,"jetpack_shortlink":"https:\/\/wp.me\/P7LSHa-2Q","jetpack_likes_enabled":true,"jetpack-related-posts":[],"_links":{"self":[{"href":"https:\/\/preither-garde.de\/index.php?rest_route=\/wp\/v2\/pages\/176","targetHints":{"allow":["GET"]}}],"collection":[{"href":"https:\/\/preither-garde.de\/index.php?rest_route=\/wp\/v2\/pages"}],"about":[{"href":"https:\/\/preither-garde.de\/index.php?rest_route=\/wp\/v2\/types\/page"}],"author":[{"embeddable":true,"href":"https:\/\/preither-garde.de\/index.php?rest_route=\/wp\/v2\/users\/1"}],"replies":[{"embeddable":true,"href":"https:\/\/preither-garde.de\/index.php?rest_route=%2Fwp%2Fv2%2Fcomments&post=176"}],"version-history":[{"count":3,"href":"https:\/\/preither-garde.de\/index.php?rest_route=\/wp\/v2\/pages\/176\/revisions"}],"predecessor-version":[{"id":245,"href":"https:\/\/preither-garde.de\/index.php?rest_route=\/wp\/v2\/pages\/176\/revisions\/245"}],"wp:attachment":[{"href":"https:\/\/preither-garde.de\/index.php?rest_route=%2Fwp%2Fv2%2Fmedia&parent=176"}],"curies":[{"name":"wp","href":"https:\/\/api.w.org\/{rel}","templated":true}]}}